{"id":31,"date":"2022-07-05T12:17:11","date_gmt":"2022-07-05T12:17:11","guid":{"rendered":"http:\/\/test.cas-chasseron.ch\/wordpress\/?page_id=31"},"modified":"2024-02-01T16:02:02","modified_gmt":"2024-02-01T15:02:02","slug":"situation-et-acces","status":"publish","type":"page","link":"https:\/\/cas-chasseron.ch\/index.php\/bivouac-de-laiguillette\/situation-et-acces\/","title":{"rendered":"Situation et acc\u00e8s"},"content":{"rendered":"\n<figure class=\"wp-block-gallery has-nested-images columns-default is-cropped wp-block-gallery-1 is-layout-flex wp-block-gallery-is-layout-flex\">\n<figure class=\"wp-block-image size-large\"><img loading=\"lazy\" decoding=\"async\" width=\"1024\" height=\"624\" data-id=\"512\" src=\"https:\/\/cas-chasseron.ch\/wp-content\/uploads\/2022\/10\/2022-10-20-14_03_57-Cartes-de-la-Suisse-Confederation-suisse-map.geo_.admin_.ch_-1024x624.png\" alt=\"\" class=\"wp-image-512\" srcset=\"https:\/\/cas-chasseron.ch\/wp-content\/uploads\/2022\/10\/2022-10-20-14_03_57-Cartes-de-la-Suisse-Confederation-suisse-map.geo_.admin_.ch_-1024x624.png 1024w, https:\/\/cas-chasseron.ch\/wp-content\/uploads\/2022\/10\/2022-10-20-14_03_57-Cartes-de-la-Suisse-Confederation-suisse-map.geo_.admin_.ch_-300x183.png 300w, https:\/\/cas-chasseron.ch\/wp-content\/uploads\/2022\/10\/2022-10-20-14_03_57-Cartes-de-la-Suisse-Confederation-suisse-map.geo_.admin_.ch_-768x468.png 768w, https:\/\/cas-chasseron.ch\/wp-content\/uploads\/2022\/10\/2022-10-20-14_03_57-Cartes-de-la-Suisse-Confederation-suisse-map.geo_.admin_.ch_-1536x935.png 1536w, https:\/\/cas-chasseron.ch\/wp-content\/uploads\/2022\/10\/2022-10-20-14_03_57-Cartes-de-la-Suisse-Confederation-suisse-map.geo_.admin_.ch_.png 1770w\" sizes=\"auto, (max-width: 706px) 89vw, (max-width: 767px) 82vw, 740px\" \/><figcaption>Situation <\/figcaption><\/figure>\n<\/figure>\n\n\n<p><strong>Altitude:<\/strong> 3179 m<br \/><strong>Coordonn\u00e9es:<\/strong> 601&rsquo;200 \/ 87&rsquo;760<\/p>\n<p><span style=\"font-size: revert;\">Situ\u00e9 sur le c\u00f4t\u00e9 sud du glacier d\u2019Otemma en Valais, le bivouac est une alternative aux cabanes de Chanrion et des Vignettes pour la Haute Route reliant Chamonix \u00e0 Zermatt.<\/span><\/p>\n<p><strong>Acc\u00e8s en \u00e9t\u00e9<\/strong><\/p>\n<p><a href=\"https:\/\/www.sac-cas.ch\/fr\/cabanes-et-courses\/portail-des-courses-du-cas\/bivouac-de-laiguillette-a-la-singla-cas-2147000251\/alpinisme\/de-la-cabane-de-chanrion-1470\/\" target=\"_blank\" rel=\"noopener\">Depuis<\/a><a href=\"https:\/\/www.sac-cas.ch\/fr\/cabanes-et-courses\/portail-des-courses-du-cas\/bivouac-de-laiguillette-a-la-singla-cas-2147000251\/alpinisme\/de-la-cabane-de-chanrion-1470\/\" target=\"_blank\" rel=\"noopener\"> la cabane de Chanrion<\/a><\/p>\n<p><a href=\"https:\/\/www.sac-cas.ch\/fr\/cabanes-et-courses\/portail-des-courses-du-cas\/bivouac-de-laiguillette-a-la-singla-cas-2147000251\/alpinisme\/de-la-cabane-des-vignettes-1471\/\" target=\"_blank\" rel=\"noopener\">Depuis la cabane des Vignettes<\/a><\/p>\n<p><strong>Acc\u00e8s en hiver<\/strong><\/p>\n<p>Depuis Arolla via les Vignettes<\/p>\n<p><strong>Suggestion de courses<\/strong><\/p>\n<ul>\n<li><a href=\"https:\/\/www.sac-cas.ch\/fr\/cabanes-et-courses\/portail-des-courses-du-cas\/la-singla-sommet-n-1813\/alpinisme\/\" target=\"_blank\" rel=\"noopener\">Singla<\/a><\/li>\n<li><a href=\"https:\/\/www.sac-cas.ch\/fr\/cabanes-et-courses\/portail-des-courses-du-cas\/pigne-darolla-89\/alpinisme\/\" target=\"_blank\" rel=\"noopener\">Pigne d&rsquo;Arolla (\u00e9t\u00e9)<\/a><\/li>\n<li><a href=\"https:\/\/www.sac-cas.ch\/fr\/cabanes-et-courses\/portail-des-courses-du-cas\/pigne-darolla-89\/randonnee-a-ski\/\" target=\"_blank\" rel=\"noopener\">Pigne d&rsquo;Arolla (hiver)<\/a><\/li>\n<li><a href=\"https:\/\/www.sac-cas.ch\/fr\/cabanes-et-courses\/portail-des-courses-du-cas\/leveque-582\/randonnee-a-ski\/\" target=\"_blank\" rel=\"noopener\">Col de l\u2019\u00c9v\u00eaque<\/a><\/li>\n<li><a href=\"https:\/\/www.sac-cas.ch\/fr\/cabanes-et-courses\/portail-des-courses-du-cas\/mont-collon-422\/alpinisme\/\" target=\"_blank\" rel=\"noopener\">Mont Collon<\/a><\/li>\n<li>Aouille Tseuque<\/li>\n<li>Bec de la Sasse et Bec Labi\u00e9<\/li>\n<li>Grand Blanchen<\/li>\n<li>Bec d\u2019Epicoune<\/li>\n<li>Serpentine<\/li>\n<li>Haute Route<\/li>\n<\/ul>\n<p><code><div id=\"metaslider-id-228\" style=\"width: 100%;\" class=\"ml-slider-3-108-0 metaslider metaslider-nivo metaslider-228 ml-slider has-dots-nav ms-theme-nivo-light\" role=\"region\" aria-label=\"situation et acc\u00e8s\" data-height=\"300\" data-width=\"700\">\n    <div id=\"metaslider_container_228\">\n        <div class='slider-wrapper theme-default'><div class='ribbon'><\/div><div id='metaslider_228' class='nivoSlider'><img loading=\"lazy\" decoding=\"async\" width=\"1500\" height=\"844\" src=\"https:\/\/cas-chasseron.ch\/wp-content\/uploads\/2022\/07\/1648415693_725210715BI-camptocamp.jpg\" class=\"slider-228 slide-229 msDefaultImage\" alt=\"montagne surplomb\u00e9e de la cabane de l\u2019Aiguillette\" data-caption=\"\" data-thumb=\"\" title=\"1648415693_725210715BI-camptocamp\" rel=\"\" srcset=\"https:\/\/cas-chasseron.ch\/wp-content\/uploads\/2022\/07\/1648415693_725210715BI-camptocamp.jpg 1500w, https:\/\/cas-chasseron.ch\/wp-content\/uploads\/2022\/07\/1648415693_725210715BI-camptocamp-300x169.jpg 300w, https:\/\/cas-chasseron.ch\/wp-content\/uploads\/2022\/07\/1648415693_725210715BI-camptocamp-1024x576.jpg 1024w, https:\/\/cas-chasseron.ch\/wp-content\/uploads\/2022\/07\/1648415693_725210715BI-camptocamp-768x432.jpg 768w\" sizes=\"auto, 100vw\" \/><img loading=\"lazy\" decoding=\"async\" width=\"2560\" height=\"1440\" src=\"https:\/\/cas-chasseron.ch\/wp-content\/uploads\/2022\/08\/20220319_170227-scaled.jpg\" class=\"slider-228 slide-247 msDefaultImage\" alt=\"\" data-caption=\"\" data-thumb=\"\" title=\"20220319_170227\" rel=\"\" srcset=\"https:\/\/cas-chasseron.ch\/wp-content\/uploads\/2022\/08\/20220319_170227-scaled.jpg 2560w, https:\/\/cas-chasseron.ch\/wp-content\/uploads\/2022\/08\/20220319_170227-300x169.jpg 300w, https:\/\/cas-chasseron.ch\/wp-content\/uploads\/2022\/08\/20220319_170227-1024x576.jpg 1024w, https:\/\/cas-chasseron.ch\/wp-content\/uploads\/2022\/08\/20220319_170227-768x432.jpg 768w, https:\/\/cas-chasseron.ch\/wp-content\/uploads\/2022\/08\/20220319_170227-1536x864.jpg 1536w, https:\/\/cas-chasseron.ch\/wp-content\/uploads\/2022\/08\/20220319_170227-2048x1152.jpg 2048w\" sizes=\"auto, 100vw\" \/><img loading=\"lazy\" decoding=\"async\" width=\"2560\" height=\"1440\" src=\"https:\/\/cas-chasseron.ch\/wp-content\/uploads\/2022\/08\/20220320_0900321-scaled.jpg\" class=\"slider-228 slide-248 msDefaultImage\" alt=\"\" data-caption=\"\" data-thumb=\"\" title=\"20220320_090032(1)\" rel=\"\" srcset=\"https:\/\/cas-chasseron.ch\/wp-content\/uploads\/2022\/08\/20220320_0900321-scaled.jpg 2560w, https:\/\/cas-chasseron.ch\/wp-content\/uploads\/2022\/08\/20220320_0900321-300x169.jpg 300w, https:\/\/cas-chasseron.ch\/wp-content\/uploads\/2022\/08\/20220320_0900321-1024x576.jpg 1024w, https:\/\/cas-chasseron.ch\/wp-content\/uploads\/2022\/08\/20220320_0900321-768x432.jpg 768w, https:\/\/cas-chasseron.ch\/wp-content\/uploads\/2022\/08\/20220320_0900321-1536x864.jpg 1536w, https:\/\/cas-chasseron.ch\/wp-content\/uploads\/2022\/08\/20220320_0900321-2048x1152.jpg 2048w\" sizes=\"auto, 100vw\" \/><\/div><\/div>\n        \n    <\/div>\n<\/div><\/code><\/p>\n\n\n<p><\/p>\n","protected":false},"excerpt":{"rendered":"<p>Altitude: 3179 mCoordonn\u00e9es: 601&rsquo;200 \/ 87&rsquo;760 Situ\u00e9 sur le c\u00f4t\u00e9 sud du glacier d\u2019Otemma en Valais, le bivouac est une alternative aux cabanes de Chanrion et des Vignettes pour la &hellip; <\/p>\n<p class=\"link-more\"><a href=\"https:\/\/cas-chasseron.ch\/index.php\/bivouac-de-laiguillette\/situation-et-acces\/\" class=\"more-link\">Continuer la lecture<span class=\"screen-reader-text\"> de &laquo;&nbsp;Situation et acc\u00e8s&nbsp;&raquo;<\/span><\/a><\/p>\n","protected":false},"author":1,"featured_media":0,"parent":27,"menu_order":3,"comment_status":"closed","ping_status":"closed","template":"","meta":{"footnotes":""},"class_list":["post-31","page","type-page","status-publish","hentry"],"_links":{"self":[{"href":"https:\/\/cas-chasseron.ch\/index.php\/wp-json\/wp\/v2\/pages\/31","targetHints":{"allow":["GET"]}}],"collection":[{"href":"https:\/\/cas-chasseron.ch\/index.php\/wp-json\/wp\/v2\/pages"}],"about":[{"href":"https:\/\/cas-chasseron.ch\/index.php\/wp-json\/wp\/v2\/types\/page"}],"author":[{"embeddable":true,"href":"https:\/\/cas-chasseron.ch\/index.php\/wp-json\/wp\/v2\/users\/1"}],"replies":[{"embeddable":true,"href":"https:\/\/cas-chasseron.ch\/index.php\/wp-json\/wp\/v2\/comments?post=31"}],"version-history":[{"count":12,"href":"https:\/\/cas-chasseron.ch\/index.php\/wp-json\/wp\/v2\/pages\/31\/revisions"}],"predecessor-version":[{"id":1565,"href":"https:\/\/cas-chasseron.ch\/index.php\/wp-json\/wp\/v2\/pages\/31\/revisions\/1565"}],"up":[{"embeddable":true,"href":"https:\/\/cas-chasseron.ch\/index.php\/wp-json\/wp\/v2\/pages\/27"}],"wp:attachment":[{"href":"https:\/\/cas-chasseron.ch\/index.php\/wp-json\/wp\/v2\/media?parent=31"}],"curies":[{"name":"wp","href":"https:\/\/api.w.org\/{rel}","templated":true}]}}