{"id":1071,"date":"2022-11-24T10:01:03","date_gmt":"2022-11-24T09:01:03","guid":{"rendered":"https:\/\/cas-chasseron.ch\/?post_type=tribe_events&#038;p=1071"},"modified":"2023-03-02T08:33:30","modified_gmt":"2023-03-02T07:33:30","slug":"randonnee-la-vieille-thielle","status":"publish","type":"tribe_events","link":"https:\/\/cas-chasseron.ch\/index.php\/agenda\/randonnee-la-vieille-thielle\/","title":{"rendered":"Randonn\u00e9e La vieille Thielle"},"content":{"rendered":"<table style=\"height: 1276px;\" width=\"1588\">\n<tbody>\n<tr>\n<td width=\"149\"><strong>Rendez-vous<\/strong>\u00a0:<\/td>\n<td width=\"467\">09H30\u00a0 au restaurant \u00ab Le Verger \u00bb \u00e0 Thielle pour l\u2019incontournable caf\u00e9 &#8211; \u00a0croissant.<\/p>\n<p>De l\u00e0, nous irons mettre nos voitures \u00e0 Cornaux sur le parc \u00ab\u00a0en bas le port\u00a0\u00bb puis retour \u00e0 Thielle pour d\u00e9buter la marche.<\/p>\n<p>&nbsp;<\/p>\n<p>10H00h environ : d\u00e9part de la marche.<\/td>\n<\/tr>\n<tr>\n<td width=\"149\"><strong>Programme\u00a0:<\/strong><\/td>\n<td width=\"467\">Au d\u00e9but de la marche, nous longerons le c\u00f4t\u00e9 Nord de la Thielle par le chemin\u00a0 pi\u00e9tons et ensuite nous cheminerons sur le sentier de la vieille Thielle. Apr\u00e8s l\u2019ap\u00e9ro nous nous dirigerons\u00a0 au\u00a0 Landeron pour le repas de midi.<\/p>\n<p>(Il s\u2019agit d\u2019une course facile de quelque 3 heures, totalement plate.)<\/p>\n<p>Repas de midi au restaurant \u00a0la capitainerie au Landeron.<\/td>\n<\/tr>\n<tr>\n<td width=\"149\">&nbsp;<\/td>\n<td width=\"467\"><em>\u00a0Les personnes qui n\u2019ont pas la possibilit\u00e9 de marcher sont les bienvenues et peuvent nous rejoindre pour le repas de midi.<\/em><\/td>\n<\/tr>\n<tr>\n<td width=\"149\">&nbsp;<\/td>\n<td width=\"467\"><\/td>\n<\/tr>\n<tr>\n<td width=\"149\"><strong>Inscription<\/strong>\u00a0:<\/td>\n<td width=\"467\">Aupr\u00e8s de Maryline Humbert \u00a0au 032 937 11 84 \/ 079 487 82 08\u00a0 ou \u00a0\u00a0Jean-Claude\u00a0 Perret\u00a0 079\u00a0543 35 62\u00a0 \u00a0<strong>jusqu\u2019au samedi 08.04.2023<\/strong>.<\/td>\n<\/tr>\n<\/tbody>\n<\/table>\n","protected":false},"excerpt":{"rendered":"<p>Rendez-vous\u00a0: 09H30\u00a0 au restaurant \u00ab Le Verger \u00bb \u00e0 Thielle pour l\u2019incontournable caf\u00e9 &#8211; \u00a0croissant. De l\u00e0, nous irons mettre nos voitures \u00e0 Cornaux sur le parc \u00ab\u00a0en bas le &hellip; <\/p>\n<p class=\"link-more\"><a href=\"https:\/\/cas-chasseron.ch\/index.php\/agenda\/randonnee-la-vieille-thielle\/\" class=\"more-link\">Continuer la lecture<span class=\"screen-reader-text\"> de &laquo;&nbsp;Randonn\u00e9e La vieille Thielle&nbsp;&raquo;<\/span><\/a><\/p>\n","protected":false},"author":2,"featured_media":1072,"template":"","meta":{"_tribe_events_status":"","_tribe_events_status_reason":"","footnotes":""},"tags":[],"tribe_events_cat":[29,39],"class_list":["post-1071","tribe_events","type-tribe_events","status-publish","has-post-thumbnail","hentry","tribe_events_cat-cas-pied","tribe_events_cat-randonnee","cat_cas-pied","cat_randonnee"],"_links":{"self":[{"href":"https:\/\/cas-chasseron.ch\/index.php\/wp-json\/wp\/v2\/tribe_events\/1071","targetHints":{"allow":["GET"]}}],"collection":[{"href":"https:\/\/cas-chasseron.ch\/index.php\/wp-json\/wp\/v2\/tribe_events"}],"about":[{"href":"https:\/\/cas-chasseron.ch\/index.php\/wp-json\/wp\/v2\/types\/tribe_events"}],"author":[{"embeddable":true,"href":"https:\/\/cas-chasseron.ch\/index.php\/wp-json\/wp\/v2\/users\/2"}],"version-history":[{"count":3,"href":"https:\/\/cas-chasseron.ch\/index.php\/wp-json\/wp\/v2\/tribe_events\/1071\/revisions"}],"predecessor-version":[{"id":1234,"href":"https:\/\/cas-chasseron.ch\/index.php\/wp-json\/wp\/v2\/tribe_events\/1071\/revisions\/1234"}],"wp:featuredmedia":[{"embeddable":true,"href":"https:\/\/cas-chasseron.ch\/index.php\/wp-json\/wp\/v2\/media\/1072"}],"wp:attachment":[{"href":"https:\/\/cas-chasseron.ch\/index.php\/wp-json\/wp\/v2\/media?parent=1071"}],"wp:term":[{"taxonomy":"post_tag","embeddable":true,"href":"https:\/\/cas-chasseron.ch\/index.php\/wp-json\/wp\/v2\/tags?post=1071"},{"taxonomy":"tribe_events_cat","embeddable":true,"href":"https:\/\/cas-chasseron.ch\/index.php\/wp-json\/wp\/v2\/tribe_events_cat?post=1071"}],"curies":[{"name":"wp","href":"https:\/\/api.w.org\/{rel}","templated":true}]}}