{"id":716,"date":"2022-10-24T11:18:01","date_gmt":"2022-10-24T09:18:01","guid":{"rendered":"http:\/\/test.cas-chasseron.ch\/wordpress\/?post_type=tribe_events&#038;p=716"},"modified":"2023-03-22T08:54:20","modified_gmt":"2023-03-22T07:54:20","slug":"assemblee-generale","status":"publish","type":"tribe_events","link":"https:\/\/cas-chasseron.ch\/index.php\/agenda\/assemblee-generale\/","title":{"rendered":"Assembl\u00e9e g\u00e9n\u00e9rale"},"content":{"rendered":"<p><b>ASSEMBLEE G\u00c9N\u00c9RALE STATUTAIRE DE LA SECTION CHASSERON\u00a0<\/b><\/p>\n<p><span style=\"font-weight: 400;\">Vendredi 14 avril 2023, \u00e0 20h00 \u00e0 la cr\u00eaperie Bach et Buck, \u00e0 Fleurier<\/span><\/p>\n<p>&nbsp;<\/p>\n<p><span style=\"font-weight: 400;\">Ordre du jour\u00a0<\/span><\/p>\n<ol>\n<li style=\"font-weight: 400;\" aria-level=\"1\"><span style=\"font-weight: 400;\">Appel\u00a0<\/span><\/li>\n<li style=\"font-weight: 400;\" aria-level=\"1\"><span style=\"font-weight: 400;\">Proc\u00e8s-verbal de la derni\u00e8re assembl\u00e9e<\/span><\/li>\n<li style=\"font-weight: 400;\" aria-level=\"1\"><span style=\"font-weight: 400;\">Correspondance et communications<\/span><\/li>\n<li style=\"font-weight: 400;\" aria-level=\"1\"><span style=\"font-weight: 400;\">Admissions et d\u00e9missions<\/span><\/li>\n<li style=\"font-weight: 400;\" aria-level=\"1\"><span style=\"font-weight: 400;\">Courses et manifestations pass\u00e9es et futures<\/span><\/li>\n<li style=\"font-weight: 400;\" aria-level=\"1\"><span style=\"font-weight: 400;\">Rapports annuels\u00a0<\/span>\n<ol>\n<li style=\"font-weight: 400;\" aria-level=\"2\"><span style=\"font-weight: 400;\">Pr\u00e9sidence<\/span><\/li>\n<li style=\"font-weight: 400;\" aria-level=\"2\"><span style=\"font-weight: 400;\">Caissi\u00e8re<\/span><\/li>\n<li style=\"font-weight: 400;\" aria-level=\"2\"><span style=\"font-weight: 400;\">V\u00e9rificateurs des comptes<\/span><\/li>\n<li style=\"font-weight: 400;\" aria-level=\"2\"><span style=\"font-weight: 400;\">Commission des courses<\/span><\/li>\n<li style=\"font-weight: 400;\" aria-level=\"2\"><span style=\"font-weight: 400;\">Cas-Pieds<\/span><\/li>\n<li style=\"font-weight: 400;\" aria-level=\"2\"><span style=\"font-weight: 400;\">Commission des cabanes<\/span><\/li>\n<li style=\"font-weight: 400;\" aria-level=\"2\"><span style=\"font-weight: 400;\">Intendant des Illars<\/span><\/li>\n<li style=\"font-weight: 400;\" aria-level=\"2\"><span style=\"font-weight: 400;\">Intendant de la Singla<\/span><\/li>\n<li style=\"font-weight: 400;\" aria-level=\"2\"><span style=\"font-weight: 400;\">Chef mat\u00e9riel<\/span><\/li>\n<li style=\"font-weight: 400;\" aria-level=\"2\"><span style=\"font-weight: 400;\">R\u00e9daction du bulletin<\/span><\/li>\n<\/ol>\n<\/li>\n<li style=\"font-weight: 400;\" aria-level=\"1\"><span style=\"font-weight: 400;\">Organigramme et nomination et des diverses commissions 2023, des v\u00e9rificateurs de comptes et suppl\u00e9ants<\/span><\/li>\n<li style=\"font-weight: 400;\" aria-level=\"1\"><span style=\"font-weight: 400;\">Tour de table et divers<\/span><\/li>\n<\/ol>\n","protected":false},"excerpt":{"rendered":"<p>ASSEMBLEE G\u00c9N\u00c9RALE STATUTAIRE DE LA SECTION CHASSERON\u00a0 Vendredi 14 avril 2023, \u00e0 20h00 \u00e0 la cr\u00eaperie Bach et Buck, \u00e0 Fleurier &nbsp; Ordre du jour\u00a0 Appel\u00a0 Proc\u00e8s-verbal de la derni\u00e8re &hellip; <\/p>\n<p class=\"link-more\"><a href=\"https:\/\/cas-chasseron.ch\/index.php\/agenda\/assemblee-generale\/\" class=\"more-link\">Continuer la lecture<span class=\"screen-reader-text\"> de &laquo;&nbsp;Assembl\u00e9e g\u00e9n\u00e9rale&nbsp;&raquo;<\/span><\/a><\/p>\n","protected":false},"author":2,"featured_media":705,"template":"","meta":{"_tribe_events_status":"","_tribe_events_status_reason":"","footnotes":""},"tags":[],"tribe_events_cat":[23],"class_list":["post-716","tribe_events","type-tribe_events","status-publish","has-post-thumbnail","hentry","tribe_events_cat-manifestation","cat_manifestation"],"_links":{"self":[{"href":"https:\/\/cas-chasseron.ch\/index.php\/wp-json\/wp\/v2\/tribe_events\/716","targetHints":{"allow":["GET"]}}],"collection":[{"href":"https:\/\/cas-chasseron.ch\/index.php\/wp-json\/wp\/v2\/tribe_events"}],"about":[{"href":"https:\/\/cas-chasseron.ch\/index.php\/wp-json\/wp\/v2\/types\/tribe_events"}],"author":[{"embeddable":true,"href":"https:\/\/cas-chasseron.ch\/index.php\/wp-json\/wp\/v2\/users\/2"}],"version-history":[{"count":3,"href":"https:\/\/cas-chasseron.ch\/index.php\/wp-json\/wp\/v2\/tribe_events\/716\/revisions"}],"predecessor-version":[{"id":1264,"href":"https:\/\/cas-chasseron.ch\/index.php\/wp-json\/wp\/v2\/tribe_events\/716\/revisions\/1264"}],"wp:featuredmedia":[{"embeddable":true,"href":"https:\/\/cas-chasseron.ch\/index.php\/wp-json\/wp\/v2\/media\/705"}],"wp:attachment":[{"href":"https:\/\/cas-chasseron.ch\/index.php\/wp-json\/wp\/v2\/media?parent=716"}],"wp:term":[{"taxonomy":"post_tag","embeddable":true,"href":"https:\/\/cas-chasseron.ch\/index.php\/wp-json\/wp\/v2\/tags?post=716"},{"taxonomy":"tribe_events_cat","embeddable":true,"href":"https:\/\/cas-chasseron.ch\/index.php\/wp-json\/wp\/v2\/tribe_events_cat?post=716"}],"curies":[{"name":"wp","href":"https:\/\/api.w.org\/{rel}","templated":true}]}}